{"id":273,"date":"2022-11-07T20:22:49","date_gmt":"2022-11-07T20:22:49","guid":{"rendered":"https:\/\/observa.cat\/inici\/"},"modified":"2023-01-02T17:05:19","modified_gmt":"2023-01-02T17:05:19","slug":"inici","status":"publish","type":"page","link":"https:\/\/observa.cat\/es\/","title":{"rendered":"Inicio"},"content":{"rendered":"\n<div style=\"height:67px\" aria-hidden=\"true\" class=\"wp-block-spacer\"><\/div>\n\n\n\n<div class=\"video-home\">\n<iframe loading=\"lazy\" width=\"100%\" height=\"100%\" src=\"https:\/\/www.youtube-nocookie.com\/embed\/_ZnCCfv3Ung?rel=0&amp;showinfo=0&amp;modestbranding=1&amp;controls=0&amp;start=8\" title=\"YouTube video player\" frameborder=\"0\" allow=\"accelerometer; autoplay; clipboard-write; encrypted-media; gyroscope; picture-in-picture\" allowfullscreen=\"\"><\/iframe>\n<\/div>\n\n\n\n<div style=\"height:50px\" aria-hidden=\"true\" class=\"wp-block-spacer\"><\/div>\n\n\n<div class=\"swiper-container\"><div class=\"swiper-wrapper\">\n<div class=\"swiper-slide swiper-destacats font-bold\" id=\"post-630\">\n    <div>\n    <q>\n        \n<p>Tengo discapacidad intelectual reconocida y soy analfabeto. A menudo tengo alucinaciones y por ello tomo mucha medicaci\u00f3n psiqui\u00e1trica. En mi celda no tengo el lote higi\u00e9nico y debajo de mi cama hay una infestaci\u00f3n de cucarachas<\/p>\n    <\/q>\n    <\/div>\n<\/div><!-- #post-630 -->\n<div class=\"swiper-slide swiper-destacats font-bold\" id=\"post-629\">\n    <div>\n    <q>\n        \n<p>Soy extranjero, me cuesta mucho hablar castellano. Tomo mucha medicaci\u00f3n psiqui\u00e1trica, la cual, a menudo, me deja muy atontado. Soy toxic\u00f3mano, pero hace poco dej\u00e9 de tomar la metadona. No estoy trabajando y nadie me ingresa peculio. No tengo ni ropa ni zapatos. No recibo visita de parte de nadie, la familiar m\u00e1s cercana que tengo es mi prima, pero vive en Francia y nunca me vino a ver<\/p>\n    <\/q>\n    <\/div>\n<\/div><!-- #post-629 -->\n<div class=\"swiper-slide swiper-destacats font-bold\" id=\"post-628\">\n    <div>\n    <q>\n        \n<p>Sufro de amnesia anter\u00f3grada y p\u00e9rdidas constantes de memoria a corto plazo. Debido a \u00e9sta y otras dolencias psicol\u00f3gicas, mi tutela legal la ejerce mi hermana. Cuando sal\u00eda de permiso me sol\u00edan dejar en la puerta de la prisi\u00f3n solo y sin avisar a nadie. Mi familia me ha llegado a encontrar vagando sin rumbo por la carretera de acceso a la c\u00e1rcel<\/p>\n    <\/q>\n    <\/div>\n<\/div><!-- #post-628 -->\n<div class=\"swiper-slide swiper-destacats font-bold\" id=\"post-627\">\n    <div>\n    <q>\n        \n<p>Me autolesiono con frecuencia. Sufro de claustrofobia. Lo \u00fanico que me ayuda son los psicof\u00e1rmacos<\/p>\n    <\/q>\n    <\/div>\n<\/div><!-- #post-627 -->\n<div class=\"swiper-slide swiper-destacats font-bold\" id=\"post-626\">\n    <div>\n    <q>\n        \n<p>Sufro de psicosis y tengo el 37 % de discapacidad reconocida. Cumpl\u00ed 6 primeros grados seguidos, es decir en r\u00e9gimen de aislamiento; ten\u00eda solamente 2 horas de patio y el resto del tiempo lo pasaba solo en la celda<\/p>\n    <\/q>\n    <\/div>\n<\/div><!-- #post-626 --><\/div><div class=\"swiper-button-prev\"><\/div><div class=\"swiper-button-next\"><\/div><\/div>\n\n\n\n<div style=\"height:50px\" aria-hidden=\"true\" class=\"wp-block-spacer\"><\/div>\n\n\n\n<div class=\"wp-block-columns is-layout-flex wp-container-core-columns-is-layout-9d6595d7 wp-block-columns-is-layout-flex\">\n<div class=\"wp-block-column is-layout-flow wp-block-column-is-layout-flow\"><div class=\"wp-block-image\">\n<figure class=\"aligncenter size-full is-resized\"><img decoding=\"async\" src=\"https:\/\/observa.cat\/wp-content\/uploads\/2022\/11\/Recurso-2.svg\" alt=\"\" class=\"wp-image-145\" width=\"220\"\/><\/figure>\n<\/div>\n\n\n<div style=\"height:25px\" aria-hidden=\"true\" class=\"wp-block-spacer\"><\/div>\n\n\n\n<h2 class=\"has-text-align-center has-text-color wp-block-heading\" style=\"color:#cc4a4a\"><strong>Qui\u00e9nes somos<\/strong><\/h2>\n\n\n\n<p class=\"has-text-align-center has-text-color\" style=\"color:#cc4a4a\">Somos una entidad sin \u00e1nimo de lucro formada por personas provenientes de la sociedad civil, del mundo cooperativo y de la econom\u00eda social y solidaria, con un compromiso decidido en la lucha contra la violencia institucional\u2026<\/p>\n\n\n\n<p class=\"has-text-align-center has-black-color has-text-color\"><strong><a href=\"https:\/\/observa.cat\/es\/quienes-somos\/\" data-type=\"page\" data-id=\"276\">M\u00e1s informaci\u00f3n<\/a><\/strong><\/p>\n<\/div>\n\n\n\n<div class=\"wp-block-column is-layout-flow wp-block-column-is-layout-flow\"><div class=\"wp-block-image\">\n<figure class=\"aligncenter size-full is-resized\"><img decoding=\"async\" src=\"https:\/\/observa.cat\/wp-content\/uploads\/2022\/11\/Recurso-4.svg\" alt=\"\" class=\"wp-image-146\" width=\"227\"\/><\/figure>\n<\/div>\n\n\n<div style=\"height:25px\" aria-hidden=\"true\" class=\"wp-block-spacer\"><\/div>\n\n\n\n<h2 class=\"has-text-align-center has-text-color wp-block-heading\" style=\"color:#cc4a4a\"><strong>Hazte OBSERVADOR\/A<\/strong><\/h2>\n\n\n\n<p class=\"has-text-align-center has-text-color\" style=\"color:#cc4a4a\">Para garantizar la estabilidad de un equipo de profesionales independientes que realice tareas constantes de monitoreo del sistema penal, necesitamos tu apoyo. Hazte OBSERVADOR\/A!<\/p>\n\n\n\n<p class=\"has-text-align-center has-black-color has-text-color\"><strong><a href=\"https:\/\/observa.cat\/es\/haz-un-donativo\/\" data-type=\"page\" data-id=\"648\">M\u00e1s informaci\u00f3n<\/a><\/strong><\/p>\n<\/div>\n\n\n\n<div class=\"wp-block-column is-layout-flow wp-block-column-is-layout-flow\"><div class=\"wp-block-image\">\n<figure class=\"aligncenter size-full is-resized\"><img decoding=\"async\" src=\"https:\/\/observa.cat\/wp-content\/uploads\/2022\/11\/Recurso-3.svg\" alt=\"\" class=\"wp-image-147\" width=\"251\"\/><\/figure>\n<\/div>\n\n\n<div style=\"height:25px\" aria-hidden=\"true\" class=\"wp-block-spacer\"><\/div>\n\n\n\n<h2 class=\"has-text-align-center has-text-color wp-block-heading\" style=\"color:#cc4a4a\"><strong>Qu\u00e9 hacemos<\/strong><\/h2>\n\n\n\n<p class=\"has-text-align-center has-text-color\" style=\"color:#cc4a4a\">OBSERVA nace para garantizar que haya una estructura estable de monitoreo del sistema penal en Catalu\u00f1a, y apuesta ahora para llevar a cabo una campa\u00f1a para conseguir financiaci\u00f3n para el\u00a0SIRECOVI, una herramienta de la\u00a0OSPDH, quienes actualmente est\u00e1n desarrollando esta tarea&#8230;<\/p>\n\n\n\n<p class=\"has-text-align-center has-black-color has-text-color\"><strong><a href=\"https:\/\/observa.cat\/es\/que-hacemos\/\" data-type=\"page\" data-id=\"275\">M\u00e1s informaci\u00f3n<\/a><\/strong><\/p>\n<\/div>\n<\/div>\n","protected":false},"excerpt":{"rendered":"<p>Qui\u00e9nes somos Somos una entidad sin \u00e1nimo de lucro formada por personas provenientes de la sociedad civil, del mundo cooperativo y de la econom\u00eda social y solidaria, con un compromiso decidido en la lucha contra la violencia institucional\u2026 M\u00e1s informaci\u00f3n Hazte OBSERVADOR\/A Para garantizar la estabilidad de un equipo de profesionales independientes que realice tareas [&hellip;]<\/p>\n","protected":false},"author":1,"featured_media":0,"parent":0,"menu_order":0,"comment_status":"closed","ping_status":"closed","template":"template\/observa.php","meta":{"_acf_changed":false,"give_campaign_id":0,"footnotes":""},"class_list":["post-273","page","type-page","status-publish","hentry"],"acf":[],"campaignId":"","_links":{"self":[{"href":"https:\/\/observa.cat\/es\/wp-json\/wp\/v2\/pages\/273","targetHints":{"allow":["GET"]}}],"collection":[{"href":"https:\/\/observa.cat\/es\/wp-json\/wp\/v2\/pages"}],"about":[{"href":"https:\/\/observa.cat\/es\/wp-json\/wp\/v2\/types\/page"}],"author":[{"embeddable":true,"href":"https:\/\/observa.cat\/es\/wp-json\/wp\/v2\/users\/1"}],"replies":[{"embeddable":true,"href":"https:\/\/observa.cat\/es\/wp-json\/wp\/v2\/comments?post=273"}],"version-history":[{"count":12,"href":"https:\/\/observa.cat\/es\/wp-json\/wp\/v2\/pages\/273\/revisions"}],"predecessor-version":[{"id":960,"href":"https:\/\/observa.cat\/es\/wp-json\/wp\/v2\/pages\/273\/revisions\/960"}],"wp:attachment":[{"href":"https:\/\/observa.cat\/es\/wp-json\/wp\/v2\/media?parent=273"}],"curies":[{"name":"wp","href":"https:\/\/api.w.org\/{rel}","templated":true}]}}